{"id":35,"date":"2023-04-26T15:35:29","date_gmt":"2023-04-26T15:35:29","guid":{"rendered":"http:\/\/0jg.992.mytemp.website\/?page_id=35"},"modified":"2024-11-11T14:51:40","modified_gmt":"2024-11-11T14:51:40","slug":"entorno","status":"publish","type":"page","link":"https:\/\/casacorroncui.es\/en\/entorno\/","title":{"rendered":"Environment"},"content":{"rendered":"<div data-elementor-type=\"wp-page\" data-elementor-id=\"35\" class=\"elementor elementor-35\" data-elementor-post-type=\"page\">\n\t\t\t\t\t\t<section class=\"elementor-section elementor-top-section elementor-element elementor-element-7f05230 elementor-section-full_width elementor-section-stretched elementor-section-height-min-height elementor-section-height-default elementor-section-items-middle\" data-id=\"7f05230\" data-element_type=\"section\" data-e-type=\"section\" data-settings=\"{&quot;stretch_section&quot;:&quot;section-stretched&quot;,&quot;background_background&quot;:&quot;classic&quot;}\">\n\t\t\t\t\t\t<div class=\"elementor-container elementor-column-gap-default\">\n\t\t\t\t\t<div class=\"elementor-column elementor-col-50 elementor-top-column elementor-element elementor-element-c1bc55c elementor-invisible\" data-id=\"c1bc55c\" data-element_type=\"column\" data-e-type=\"column\" data-settings=\"{&quot;background_background&quot;:&quot;classic&quot;,&quot;animation&quot;:&quot;slideInLeft&quot;}\">\n\t\t\t<div class=\"elementor-widget-wrap elementor-element-populated\">\n\t\t\t\t\t\t<div class=\"elementor-element elementor-element-7fe02a3 elementor-widget elementor-widget-heading\" data-id=\"7fe02a3\" data-element_type=\"widget\" data-e-type=\"widget\" data-widget_type=\"heading.default\">\n\t\t\t\t<div class=\"elementor-widget-container\">\n\t\t\t\t\t<h1 class=\"elementor-heading-title elementor-size-default\">Pessonada<\/h1>\t\t\t\t<\/div>\n\t\t\t\t<\/div>\n\t\t\t\t<div class=\"elementor-element elementor-element-413a995 elementor-hidden-mobile elementor-widget elementor-widget-text-editor\" data-id=\"413a995\" data-element_type=\"widget\" data-e-type=\"widget\" data-widget_type=\"text-editor.default\">\n\t\t\t\t<div class=\"elementor-widget-container\">\n\t\t\t\t\t\t\t\t\t<p>Pessonada es un hermoso pueblo catal\u00e1n ubicado en la comarca de Pallars Juss\u00e0. Est\u00e1 situado bajo el imponente\u00a0<i>Roc de Pessonada<\/i>.<\/p><p>Aunque muy desfigurado por las modificaciones sufridas a lo largo de los siglos, el pueblo de Pessonada conserva algunos elementos del antiguo pueblo cercado. La red de las calles y los largos tramos en que las casas configuran lo que fue el cercado acompa\u00f1an la presencia a\u00fan efectiva del Portal, antiguo acceso al pueblo.<\/p><p>La iglesia de Santa Mar\u00eda de Pessonada, est\u00e1 en el centro del pueblo, insertada en medio de las casas del pueblo. Tiene un campanario de torre de planta octogonal. Dos pinturas rom\u00e1nicas sobre tabla procedentes de Pessonada se conservan en el Museo de Bellas Artes de Bilbao. Al norte del pueblo, a unos 450 metros de distancia, est\u00e1 la ermita rom\u00e1nica de la Virgen de la Plana, con una imagen de la Virgen, rom\u00e1nica, conservada en una casa particular del pueblo.<\/p><p>El entorno natural de Pessonada es impresionante. Los verdes paisajes monta\u00f1osos y los r\u00edos cristalinos proporcionan un escenario perfecto para los amantes de la naturaleza. Los visitantes pueden disfrutar de actividades al aire libre, como senderismo, ciclismo,&#8230;<\/p><p>La gastronom\u00eda local es otro aspecto destacado de la regi\u00f3n. Los productos frescos y de alta calidad de la zona se utilizan en la elaboraci\u00f3n de platos tradicionales, como la escudella i carn d&#8217;olla, tambi\u00e9n se elaboran embutidos como el Xolis o la secallona.<\/p>\t\t\t\t\t\t\t\t<\/div>\n\t\t\t\t<\/div>\n\t\t\t\t\t<\/div>\n\t\t<\/div>\n\t\t\t\t<div class=\"elementor-column elementor-col-50 elementor-top-column elementor-element elementor-element-73c90e2\" data-id=\"73c90e2\" data-element_type=\"column\" data-e-type=\"column\">\n\t\t\t<div class=\"elementor-widget-wrap\">\n\t\t\t\t\t\t\t<\/div>\n\t\t<\/div>\n\t\t\t\t\t<\/div>\n\t\t<\/section>\n\t\t\t\t<section class=\"elementor-section elementor-top-section elementor-element elementor-element-0555ba3 elementor-section-full_width elementor-section-stretched elementor-section-height-default elementor-section-height-default\" data-id=\"0555ba3\" data-element_type=\"section\" data-e-type=\"section\" data-settings=\"{&quot;stretch_section&quot;:&quot;section-stretched&quot;}\">\n\t\t\t\t\t\t<div class=\"elementor-container elementor-column-gap-default\">\n\t\t\t\t\t<div class=\"elementor-column elementor-col-100 elementor-top-column elementor-element elementor-element-6fbedc1\" data-id=\"6fbedc1\" data-element_type=\"column\" data-e-type=\"column\">\n\t\t\t<div class=\"elementor-widget-wrap elementor-element-populated\">\n\t\t\t\t\t\t<div class=\"elementor-element elementor-element-b0cd6db elementor-widget elementor-widget-spacer\" data-id=\"b0cd6db\" data-element_type=\"widget\" data-e-type=\"widget\" data-widget_type=\"spacer.default\">\n\t\t\t\t<div class=\"elementor-widget-container\">\n\t\t\t\t\t\t\t<div class=\"elementor-spacer\">\n\t\t\t<div class=\"elementor-spacer-inner\"><\/div>\n\t\t<\/div>\n\t\t\t\t\t\t<\/div>\n\t\t\t\t<\/div>\n\t\t\t\t\t<\/div>\n\t\t<\/div>\n\t\t\t\t\t<\/div>\n\t\t<\/section>\n\t\t\t\t<section class=\"elementor-section elementor-top-section elementor-element elementor-element-f750970 elementor-section-full_width elementor-section-stretched elementor-section-height-min-height elementor-section-height-default elementor-section-items-middle\" data-id=\"f750970\" data-element_type=\"section\" data-e-type=\"section\" data-settings=\"{&quot;stretch_section&quot;:&quot;section-stretched&quot;,&quot;background_background&quot;:&quot;classic&quot;}\">\n\t\t\t\t\t\t<div class=\"elementor-container elementor-column-gap-default\">\n\t\t\t\t\t<div class=\"elementor-column elementor-col-50 elementor-top-column elementor-element elementor-element-352ea6b\" data-id=\"352ea6b\" data-element_type=\"column\" data-e-type=\"column\" data-settings=\"{&quot;background_background&quot;:&quot;classic&quot;}\">\n\t\t\t<div class=\"elementor-widget-wrap\">\n\t\t\t\t\t\t\t<\/div>\n\t\t<\/div>\n\t\t\t\t<div class=\"elementor-column elementor-col-50 elementor-top-column elementor-element elementor-element-865c721 elementor-invisible\" data-id=\"865c721\" data-element_type=\"column\" data-e-type=\"column\" data-settings=\"{&quot;background_background&quot;:&quot;classic&quot;,&quot;animation&quot;:&quot;slideInRight&quot;}\">\n\t\t\t<div class=\"elementor-widget-wrap elementor-element-populated\">\n\t\t\t\t\t\t<div class=\"elementor-element elementor-element-4a24376 elementor-widget elementor-widget-heading\" data-id=\"4a24376\" data-element_type=\"widget\" data-e-type=\"widget\" data-widget_type=\"heading.default\">\n\t\t\t\t<div class=\"elementor-widget-container\">\n\t\t\t\t\t<h1 class=\"elementor-heading-title elementor-size-default\">Parc Nacional d'Aig\u00fcestortes i Estany de Sant Maurici<\/h1>\t\t\t\t<\/div>\n\t\t\t\t<\/div>\n\t\t\t\t<div class=\"elementor-element elementor-element-0e260ab elementor-hidden-mobile elementor-widget elementor-widget-text-editor\" data-id=\"0e260ab\" data-element_type=\"widget\" data-e-type=\"widget\" data-widget_type=\"text-editor.default\">\n\t\t\t\t<div class=\"elementor-widget-container\">\n\t\t\t\t\t\t\t\t\t<p>Es el \u00fanico parque nacional de Catalu\u00f1a. El paisaje es de alta monta\u00f1a con un impresionante relieve y una gran riqueza de fauna y vegetaci\u00f3n.<\/p><p>Situado en medio de la cordillera de los Pirineos, con altitudes que oscilan entre los 1.200 y los 3.000 metros, est\u00e1 formado por un conjunto espectacular de picos afilados y crestas vertiginosas, bosques frondosos y prados verdes, donde el agua, con m\u00e1s de 200 estanques y numerosos r\u00edos, barrancos y zonas h\u00famedas es la protagonista.<\/p><p>Cabe destacar los lagos, hay m\u00e1s de 200, aunque solo unos 150 son lagos propiamente dichos, y los otros son balsas temporales que pueden llegar a secarse a finales de verano.<\/p><p>Las rocas metam\u00f3rficas, este grupo de rocas provienen de la transformaci\u00f3n de rocas sedimentar\u00edas a causa de las condiciones de temperatura y presi\u00f3n a que se vieron sometidas. En el Parque se pueden encontrar pizarras, calizas, cuarcitas, esquistos, etc.<\/p><p>Algunas de estas rocas han dado lugar a cumbres tan emblem\u00e1ticas como Los Encantados, formados por calizas metamorfizadas o el Montsent de Pallars y el Montorroio donde tambi\u00e9n encontramos calc\u00e1reas y pizarras.<\/p><p>Sin olvidar tambi\u00e9n la gran variedad de flora y las aves rapaces como el buitre, el \u00e1guila dorada y el quebrantahuesos.<\/p>\t\t\t\t\t\t\t\t<\/div>\n\t\t\t\t<\/div>\n\t\t\t\t\t<\/div>\n\t\t<\/div>\n\t\t\t\t\t<\/div>\n\t\t<\/section>\n\t\t\t\t<section class=\"elementor-section elementor-top-section elementor-element elementor-element-b927a4b elementor-section-full_width elementor-section-stretched elementor-section-height-default elementor-section-height-default\" data-id=\"b927a4b\" data-element_type=\"section\" data-e-type=\"section\" data-settings=\"{&quot;stretch_section&quot;:&quot;section-stretched&quot;}\">\n\t\t\t\t\t\t<div class=\"elementor-container elementor-column-gap-default\">\n\t\t\t\t\t<div class=\"elementor-column elementor-col-100 elementor-top-column elementor-element elementor-element-3c02d09\" data-id=\"3c02d09\" data-element_type=\"column\" data-e-type=\"column\">\n\t\t\t<div class=\"elementor-widget-wrap elementor-element-populated\">\n\t\t\t\t\t\t<div class=\"elementor-element elementor-element-d03a4ca elementor-widget elementor-widget-spacer\" data-id=\"d03a4ca\" data-element_type=\"widget\" data-e-type=\"widget\" data-widget_type=\"spacer.default\">\n\t\t\t\t<div class=\"elementor-widget-container\">\n\t\t\t\t\t\t\t<div class=\"elementor-spacer\">\n\t\t\t<div class=\"elementor-spacer-inner\"><\/div>\n\t\t<\/div>\n\t\t\t\t\t\t<\/div>\n\t\t\t\t<\/div>\n\t\t\t\t\t<\/div>\n\t\t<\/div>\n\t\t\t\t\t<\/div>\n\t\t<\/section>\n\t\t\t\t<section class=\"elementor-section elementor-top-section elementor-element elementor-element-a97e52b elementor-section-full_width elementor-section-stretched elementor-section-height-min-height elementor-section-items-bottom elementor-section-content-middle elementor-section-height-default\" data-id=\"a97e52b\" data-element_type=\"section\" data-e-type=\"section\" data-settings=\"{&quot;stretch_section&quot;:&quot;section-stretched&quot;,&quot;background_background&quot;:&quot;classic&quot;}\">\n\t\t\t\t\t\t<div class=\"elementor-container elementor-column-gap-default\">\n\t\t\t\t\t<div class=\"elementor-column elementor-col-50 elementor-top-column elementor-element elementor-element-4d81d13 elementor-invisible\" data-id=\"4d81d13\" data-element_type=\"column\" data-e-type=\"column\" data-settings=\"{&quot;background_background&quot;:&quot;classic&quot;,&quot;animation&quot;:&quot;slideInUp&quot;,&quot;animation_delay&quot;:500}\">\n\t\t\t<div class=\"elementor-widget-wrap elementor-element-populated\">\n\t\t\t\t\t\t<div class=\"elementor-element elementor-element-0869327 elementor-widget elementor-widget-heading\" data-id=\"0869327\" data-element_type=\"widget\" data-e-type=\"widget\" data-widget_type=\"heading.default\">\n\t\t\t\t<div class=\"elementor-widget-container\">\n\t\t\t\t\t<h1 class=\"elementor-heading-title elementor-size-default\">Sierra de Boumort<\/h1>\t\t\t\t<\/div>\n\t\t\t\t<\/div>\n\t\t\t\t<div class=\"elementor-element elementor-element-eb973c2 elementor-hidden-mobile elementor-widget elementor-widget-text-editor\" data-id=\"eb973c2\" data-element_type=\"widget\" data-e-type=\"widget\" data-widget_type=\"text-editor.default\">\n\t\t\t\t<div class=\"elementor-widget-container\">\n\t\t\t\t\t\t\t\t\t<p>La Reserva Nacional de Caza de Boumort cubre 13.097 ha a caballo entre las comarcas del Pallars Juss\u00e0, Pallars Sobir\u00e0 y Alt Urgell.<\/p><p>Visitar este espacio creado en 1991 es una oportunidad excepcional para disfrutar de su fabulosa biodiversidad vegetal y faun\u00edstica. El principal atractivo es la importante poblaci\u00f3n de Ciervos que habita. Se les puede ver durante todo el a\u00f1o, pero el momento m\u00e1s espectacular es a principios de oto\u00f1o, cuando los machos se disputan a las hembras (berrea). Ser espectadores silenciosos de este momento crucial para la conservaci\u00f3n de la especie, es uno de los privilegios que nos ofrece esta reserva.<\/p><p>En los espacios abiertos podemos observar la perdiz roja, el conejo y la liebre, y en los riscos y acantilados encontramos rapaces rup\u00edcolas, como el quebrantahuesos, el buitre leonado, el alimoche, o el \u00e1guila real.<\/p><p>El buitre negro, especie extinta que ha sido reintroducida en la Reserva, la convierte en el \u00fanico lugar de Europa donde se reproducen las cuatro especies de buitres del continente, que pueden ser admirados desde el observatorio de rapaces de Boumort.<\/p><p>Entre los carn\u00edvoros destaca la presencia del zorro, el tej\u00f3n, la gineta y la gardu\u00f1a, as\u00ed como otros m\u00e1s localizados como el gato mont\u00e9s, la marta o la comadreja.<\/p><p>Por \u00faltimo, cabe rese\u00f1ar la presencia dentro de los arroyos y los cursos de agua de especies singulares, como el trit\u00f3n pirenaico o el cangrejo de r\u00edo.<\/p><p>La visita se puede realizar de manera libre, por la red de pistas forestales abiertas al uso general, o bien mediante las empresas autorizadas que ofrecen itinerarios guiados en veh\u00edculo 4&#215;4.<\/p>\t\t\t\t\t\t\t\t<\/div>\n\t\t\t\t<\/div>\n\t\t\t\t\t<\/div>\n\t\t<\/div>\n\t\t\t\t<div class=\"elementor-column elementor-col-50 elementor-top-column elementor-element elementor-element-2b8f15a\" data-id=\"2b8f15a\" data-element_type=\"column\" data-e-type=\"column\">\n\t\t\t<div class=\"elementor-widget-wrap\">\n\t\t\t\t\t\t\t<\/div>\n\t\t<\/div>\n\t\t\t\t\t<\/div>\n\t\t<\/section>\n\t\t\t\t<section class=\"elementor-section elementor-top-section elementor-element elementor-element-27a2ffb elementor-section-full_width elementor-section-stretched elementor-section-height-default elementor-section-height-default\" data-id=\"27a2ffb\" data-element_type=\"section\" data-e-type=\"section\" data-settings=\"{&quot;stretch_section&quot;:&quot;section-stretched&quot;}\">\n\t\t\t\t\t\t<div class=\"elementor-container elementor-column-gap-default\">\n\t\t\t\t\t<div class=\"elementor-column elementor-col-100 elementor-top-column elementor-element elementor-element-0dc2e99\" data-id=\"0dc2e99\" data-element_type=\"column\" data-e-type=\"column\">\n\t\t\t<div class=\"elementor-widget-wrap elementor-element-populated\">\n\t\t\t\t\t\t<div class=\"elementor-element elementor-element-61a0915 elementor-widget elementor-widget-spacer\" data-id=\"61a0915\" data-element_type=\"widget\" data-e-type=\"widget\" data-widget_type=\"spacer.default\">\n\t\t\t\t<div class=\"elementor-widget-container\">\n\t\t\t\t\t\t\t<div class=\"elementor-spacer\">\n\t\t\t<div class=\"elementor-spacer-inner\"><\/div>\n\t\t<\/div>\n\t\t\t\t\t\t<\/div>\n\t\t\t\t<\/div>\n\t\t\t\t\t<\/div>\n\t\t<\/div>\n\t\t\t\t\t<\/div>\n\t\t<\/section>\n\t\t\t\t<\/div>","protected":false},"excerpt":{"rendered":"<p>Pessonada Pessonada es un hermoso pueblo catal\u00e1n ubicado en la comarca de Pallars Juss\u00e0. Est\u00e1 situado bajo el imponente\u00a0Roc de Pessonada. Aunque muy desfigurado por las modificaciones sufridas a lo largo de los siglos, el pueblo de Pessonada conserva algunos elementos del antiguo pueblo cercado. La red de las calles y los largos tramos en [&hellip;]<\/p>","protected":false},"author":1,"featured_media":627,"parent":0,"menu_order":0,"comment_status":"closed","ping_status":"closed","template":"elementor_header_footer","meta":{"_joinchat":[],"footnotes":""},"class_list":["post-35","page","type-page","status-publish","has-post-thumbnail","hentry"],"yoast_head":"<!-- This site is optimized with the Yoast SEO plugin v26.7 - https:\/\/yoast.com\/wordpress\/plugins\/seo\/ -->\n<title>Entorno - Casa Corroncui<\/title>\n<meta name=\"robots\" content=\"index, follow, max-snippet:-1, max-image-preview:large, max-video-preview:-1\" \/>\n<link rel=\"canonical\" href=\"http:\/\/casacorroncui.es\/en\/entorno\/\" \/>\n<meta property=\"og:locale\" content=\"en_GB\" \/>\n<meta property=\"og:type\" content=\"article\" \/>\n<meta property=\"og:title\" content=\"Entorno - Casa Corroncui\" \/>\n<meta property=\"og:description\" content=\"Pessonada Pessonada es un hermoso pueblo catal\u00e1n ubicado en la comarca de Pallars Juss\u00e0. Est\u00e1 situado bajo el imponente\u00a0Roc de Pessonada. Aunque muy desfigurado por las modificaciones sufridas a lo largo de los siglos, el pueblo de Pessonada conserva algunos elementos del antiguo pueblo cercado. La red de las calles y los largos tramos en [&hellip;]\" \/>\n<meta property=\"og:url\" content=\"http:\/\/casacorroncui.es\/en\/entorno\/\" \/>\n<meta property=\"og:site_name\" content=\"Casa Corroncui\" \/>\n<meta property=\"article:modified_time\" content=\"2024-11-11T14:51:40+00:00\" \/>\n<meta property=\"og:image\" content=\"http:\/\/casacorroncui.es\/wp-content\/uploads\/2023\/05\/pexels-karolina-3669288-1.jpg\" \/>\n\t<meta property=\"og:image:width\" content=\"640\" \/>\n\t<meta property=\"og:image:height\" content=\"426\" \/>\n\t<meta property=\"og:image:type\" content=\"image\/jpeg\" \/>\n<meta name=\"twitter:card\" content=\"summary_large_image\" \/>\n<meta name=\"twitter:label1\" content=\"Estimated reading time\" \/>\n\t<meta name=\"twitter:data1\" content=\"4 minutes\" \/>\n<script type=\"application\/ld+json\" class=\"yoast-schema-graph\">{\"@context\":\"https:\/\/schema.org\",\"@graph\":[{\"@type\":\"WebPage\",\"@id\":\"http:\/\/casacorroncui.es\/en\/entorno\/\",\"url\":\"http:\/\/casacorroncui.es\/en\/entorno\/\",\"name\":\"Entorno - Casa Corroncui\",\"isPartOf\":{\"@id\":\"http:\/\/casacorroncui.es\/#website\"},\"primaryImageOfPage\":{\"@id\":\"http:\/\/casacorroncui.es\/en\/entorno\/#primaryimage\"},\"image\":{\"@id\":\"http:\/\/casacorroncui.es\/en\/entorno\/#primaryimage\"},\"thumbnailUrl\":\"https:\/\/casacorroncui.es\/wp-content\/uploads\/2023\/05\/pexels-karolina-3669288-1.jpg\",\"datePublished\":\"2023-04-26T15:35:29+00:00\",\"dateModified\":\"2024-11-11T14:51:40+00:00\",\"breadcrumb\":{\"@id\":\"http:\/\/casacorroncui.es\/en\/entorno\/#breadcrumb\"},\"inLanguage\":\"en-GB\",\"potentialAction\":[{\"@type\":\"ReadAction\",\"target\":[\"http:\/\/casacorroncui.es\/en\/entorno\/\"]}]},{\"@type\":\"ImageObject\",\"inLanguage\":\"en-GB\",\"@id\":\"http:\/\/casacorroncui.es\/en\/entorno\/#primaryimage\",\"url\":\"https:\/\/casacorroncui.es\/wp-content\/uploads\/2023\/05\/pexels-karolina-3669288-1.jpg\",\"contentUrl\":\"https:\/\/casacorroncui.es\/wp-content\/uploads\/2023\/05\/pexels-karolina-3669288-1.jpg\",\"width\":640,\"height\":426},{\"@type\":\"BreadcrumbList\",\"@id\":\"http:\/\/casacorroncui.es\/en\/entorno\/#breadcrumb\",\"itemListElement\":[{\"@type\":\"ListItem\",\"position\":1,\"name\":\"Home\",\"item\":\"https:\/\/casacorroncui.es\/\"},{\"@type\":\"ListItem\",\"position\":2,\"name\":\"Entorno\"}]},{\"@type\":\"WebSite\",\"@id\":\"http:\/\/casacorroncui.es\/#website\",\"url\":\"http:\/\/casacorroncui.es\/\",\"name\":\"Casa Corroncui\",\"description\":\"Casa rural en Pallas Juss&agrave;. Hermosa, acogedora, perfecta para relajarse. &iexcl;Disfruta de la tranquilidad y la naturaleza!\",\"potentialAction\":[{\"@type\":\"SearchAction\",\"target\":{\"@type\":\"EntryPoint\",\"urlTemplate\":\"http:\/\/casacorroncui.es\/?s={search_term_string}\"},\"query-input\":{\"@type\":\"PropertyValueSpecification\",\"valueRequired\":true,\"valueName\":\"search_term_string\"}}],\"inLanguage\":\"en-GB\"}]}<\/script>\n<!-- \/ Yoast SEO plugin. -->","yoast_head_json":{"title":"Entorno - Casa Corroncui","robots":{"index":"index","follow":"follow","max-snippet":"max-snippet:-1","max-image-preview":"max-image-preview:large","max-video-preview":"max-video-preview:-1"},"canonical":"http:\/\/casacorroncui.es\/en\/entorno\/","og_locale":"en_GB","og_type":"article","og_title":"Entorno - Casa Corroncui","og_description":"Pessonada Pessonada es un hermoso pueblo catal\u00e1n ubicado en la comarca de Pallars Juss\u00e0. Est\u00e1 situado bajo el imponente\u00a0Roc de Pessonada. Aunque muy desfigurado por las modificaciones sufridas a lo largo de los siglos, el pueblo de Pessonada conserva algunos elementos del antiguo pueblo cercado. La red de las calles y los largos tramos en [&hellip;]","og_url":"http:\/\/casacorroncui.es\/en\/entorno\/","og_site_name":"Casa Corroncui","article_modified_time":"2024-11-11T14:51:40+00:00","og_image":[{"width":640,"height":426,"url":"http:\/\/casacorroncui.es\/wp-content\/uploads\/2023\/05\/pexels-karolina-3669288-1.jpg","type":"image\/jpeg"}],"twitter_card":"summary_large_image","twitter_misc":{"Estimated reading time":"4 minutes"},"schema":{"@context":"https:\/\/schema.org","@graph":[{"@type":"WebPage","@id":"http:\/\/casacorroncui.es\/en\/entorno\/","url":"http:\/\/casacorroncui.es\/en\/entorno\/","name":"Entorno - Casa Corroncui","isPartOf":{"@id":"http:\/\/casacorroncui.es\/#website"},"primaryImageOfPage":{"@id":"http:\/\/casacorroncui.es\/en\/entorno\/#primaryimage"},"image":{"@id":"http:\/\/casacorroncui.es\/en\/entorno\/#primaryimage"},"thumbnailUrl":"https:\/\/casacorroncui.es\/wp-content\/uploads\/2023\/05\/pexels-karolina-3669288-1.jpg","datePublished":"2023-04-26T15:35:29+00:00","dateModified":"2024-11-11T14:51:40+00:00","breadcrumb":{"@id":"http:\/\/casacorroncui.es\/en\/entorno\/#breadcrumb"},"inLanguage":"en-GB","potentialAction":[{"@type":"ReadAction","target":["http:\/\/casacorroncui.es\/en\/entorno\/"]}]},{"@type":"ImageObject","inLanguage":"en-GB","@id":"http:\/\/casacorroncui.es\/en\/entorno\/#primaryimage","url":"https:\/\/casacorroncui.es\/wp-content\/uploads\/2023\/05\/pexels-karolina-3669288-1.jpg","contentUrl":"https:\/\/casacorroncui.es\/wp-content\/uploads\/2023\/05\/pexels-karolina-3669288-1.jpg","width":640,"height":426},{"@type":"BreadcrumbList","@id":"http:\/\/casacorroncui.es\/en\/entorno\/#breadcrumb","itemListElement":[{"@type":"ListItem","position":1,"name":"Home","item":"https:\/\/casacorroncui.es\/"},{"@type":"ListItem","position":2,"name":"Entorno"}]},{"@type":"WebSite","@id":"http:\/\/casacorroncui.es\/#website","url":"http:\/\/casacorroncui.es\/","name":"Casa Corroncui","description":"Casa rural en Pallas Juss&agrave;. Hermosa, acogedora, perfecta para relajarse. &iexcl;Disfruta de la tranquilidad y la naturaleza!","potentialAction":[{"@type":"SearchAction","target":{"@type":"EntryPoint","urlTemplate":"http:\/\/casacorroncui.es\/?s={search_term_string}"},"query-input":{"@type":"PropertyValueSpecification","valueRequired":true,"valueName":"search_term_string"}}],"inLanguage":"en-GB"}]}},"_links":{"self":[{"href":"https:\/\/casacorroncui.es\/en\/wp-json\/wp\/v2\/pages\/35","targetHints":{"allow":["GET"]}}],"collection":[{"href":"https:\/\/casacorroncui.es\/en\/wp-json\/wp\/v2\/pages"}],"about":[{"href":"https:\/\/casacorroncui.es\/en\/wp-json\/wp\/v2\/types\/page"}],"author":[{"embeddable":true,"href":"https:\/\/casacorroncui.es\/en\/wp-json\/wp\/v2\/users\/1"}],"replies":[{"embeddable":true,"href":"https:\/\/casacorroncui.es\/en\/wp-json\/wp\/v2\/comments?post=35"}],"version-history":[{"count":133,"href":"https:\/\/casacorroncui.es\/en\/wp-json\/wp\/v2\/pages\/35\/revisions"}],"predecessor-version":[{"id":1957,"href":"https:\/\/casacorroncui.es\/en\/wp-json\/wp\/v2\/pages\/35\/revisions\/1957"}],"wp:featuredmedia":[{"embeddable":true,"href":"https:\/\/casacorroncui.es\/en\/wp-json\/wp\/v2\/media\/627"}],"wp:attachment":[{"href":"https:\/\/casacorroncui.es\/en\/wp-json\/wp\/v2\/media?parent=35"}],"curies":[{"name":"wp","href":"https:\/\/api.w.org\/{rel}","templated":true}]}}